{"id":402,"date":"2025-03-20T18:20:29","date_gmt":"2025-03-20T17:20:29","guid":{"rendered":"https:\/\/tiefbewegt.blog\/?page_id=402"},"modified":"2026-08-09T05:56:33","modified_gmt":"2026-08-09T03:56:33","slug":"sara-gnanzou","status":"publish","type":"page","link":"https:\/\/moving-with-life.org\/en\/sara-gnanzou\/","title":{"rendered":"About Sara Gnanzou"},"content":{"rendered":"<div class=\"wp-block-columns alignfull is-layout-flex wp-container-core-columns-is-layout-28f84493 wp-block-columns-is-layout-flex\">\n<div class=\"wp-block-column is-layout-flow wp-block-column-is-layout-flow\" style=\"flex-basis:100px\"><\/div>\n\n\n\n<div class=\"wp-block-column has-small-font-size is-layout-flow wp-block-column-is-layout-flow\" style=\"flex-basis:680px\">\n<div style=\"height:4px\" aria-hidden=\"true\" class=\"wp-block-spacer\"><\/div>\n\n\n\n<h2 class=\"wp-block-heading is-style-split has-border-color has-base-border-color has-text-color has-link-color has-oswald-font-family has-medium-font-size wp-elements-1\" style=\"color:#2d539a\">Philosophin, Intuitive &amp; Nomadin <\/h2>\n\n\n\n<p class=\"is-style-split has-border-color has-base-border-color has-newsreader-font-family has-small-font-size wp-block-paragraph\">Die wandelnden St\u00fcrme des Lebens ziehen auch durch meine Lebenslandschaft. Darin entfaltet sich die Sch\u00f6nheit meiner Biographie besonders durch forschende Begegnung mit Schattenwelten und den traumatischen Schrecklichkeiten des menschlichen Daseins. Trotz der oft extremen Herausforderungen folgte ich dieser intuitiven F\u00fchrung durch Krisen, Schicksalsschl\u00e4ge und intensive Sadhana in die Untiefen der Innenwelt hinein. Was in verwirrenden unbewussten Konfrontationen mit Leid begann, wurde \u00fcber Jahre detektivartiger Bewusstseinsforschung zu einer leidenschaftlichen Lebensaufgabe: Weisheitsforschung durch verk\u00f6rperte Schattenaufkl\u00e4rung.<\/p>\n\n\n\n<figure class=\"wp-block-image alignright size-large is-resized\"><img data-recalc-dims=\"1\" loading=\"lazy\" decoding=\"async\" width=\"1024\" height=\"768\" data-attachment-id=\"3224\" data-permalink=\"https:\/\/moving-with-life.org\/en\/sara-gnanzou\/photo_2026-05-10_09-32-37\/\" data-orig-file=\"https:\/\/i0.wp.com\/moving-with-life.org\/wp-content\/uploads\/2026\/05\/photo_2026-05-10_09-32-37.jpg?fit=1280%2C960&amp;ssl=1\" data-orig-size=\"1280,960\" data-comments-opened=\"1\" data-image-meta=\"{&quot;aperture&quot;:&quot;0&quot;,&quot;credit&quot;:&quot;&quot;,&quot;camera&quot;:&quot;&quot;,&quot;caption&quot;:&quot;&quot;,&quot;created_timestamp&quot;:&quot;0&quot;,&quot;copyright&quot;:&quot;&quot;,&quot;focal_length&quot;:&quot;0&quot;,&quot;iso&quot;:&quot;0&quot;,&quot;shutter_speed&quot;:&quot;0&quot;,&quot;title&quot;:&quot;&quot;,&quot;orientation&quot;:&quot;0&quot;}\" data-image-title=\"photo_2026-05-10_09-32-37\" data-image-description=\"\" data-image-caption=\"\" data-large-file=\"https:\/\/i0.wp.com\/moving-with-life.org\/wp-content\/uploads\/2026\/05\/photo_2026-05-10_09-32-37.jpg?fit=1024%2C768&amp;ssl=1\" src=\"https:\/\/i0.wp.com\/moving-with-life.org\/wp-content\/uploads\/2026\/05\/photo_2026-05-10_09-32-37.jpg?resize=1024%2C768&#038;ssl=1\" alt=\"\" class=\"wp-image-3224\" style=\"aspect-ratio:1.3333457097241304;width:311px;height:auto\" srcset=\"https:\/\/i0.wp.com\/moving-with-life.org\/wp-content\/uploads\/2026\/05\/photo_2026-05-10_09-32-37.jpg?resize=1024%2C768&amp;ssl=1 1024w, https:\/\/i0.wp.com\/moving-with-life.org\/wp-content\/uploads\/2026\/05\/photo_2026-05-10_09-32-37.jpg?resize=300%2C225&amp;ssl=1 300w, https:\/\/i0.wp.com\/moving-with-life.org\/wp-content\/uploads\/2026\/05\/photo_2026-05-10_09-32-37.jpg?resize=150%2C113&amp;ssl=1 150w, https:\/\/i0.wp.com\/moving-with-life.org\/wp-content\/uploads\/2026\/05\/photo_2026-05-10_09-32-37.jpg?resize=768%2C576&amp;ssl=1 768w, https:\/\/i0.wp.com\/moving-with-life.org\/wp-content\/uploads\/2026\/05\/photo_2026-05-10_09-32-37.jpg?resize=16%2C12&amp;ssl=1 16w, https:\/\/i0.wp.com\/moving-with-life.org\/wp-content\/uploads\/2026\/05\/photo_2026-05-10_09-32-37.jpg?resize=1200%2C900&amp;ssl=1 1200w, https:\/\/i0.wp.com\/moving-with-life.org\/wp-content\/uploads\/2026\/05\/photo_2026-05-10_09-32-37.jpg?resize=800%2C600&amp;ssl=1 800w, https:\/\/i0.wp.com\/moving-with-life.org\/wp-content\/uploads\/2026\/05\/photo_2026-05-10_09-32-37.jpg?resize=600%2C450&amp;ssl=1 600w, https:\/\/i0.wp.com\/moving-with-life.org\/wp-content\/uploads\/2026\/05\/photo_2026-05-10_09-32-37.jpg?resize=400%2C300&amp;ssl=1 400w, https:\/\/i0.wp.com\/moving-with-life.org\/wp-content\/uploads\/2026\/05\/photo_2026-05-10_09-32-37.jpg?resize=200%2C150&amp;ssl=1 200w, https:\/\/i0.wp.com\/moving-with-life.org\/wp-content\/uploads\/2026\/05\/photo_2026-05-10_09-32-37.jpg?w=1280&amp;ssl=1 1280w\" sizes=\"auto, (max-width: 1000px) 100vw, 1000px\" \/><\/figure>\n\n\n\n<p class=\"is-style-split has-border-color has-base-border-color has-newsreader-font-family has-small-font-size wp-block-paragraph\">Somit widmet sich meine Arbeit der Erforschung der Innenwelt, und insbesondere den Schatten verdeckten Orten, f\u00fcr eine Entwicklung und Verk\u00f6rperung des inneren Wissens. Das bedeutet die Kultivierung der inneren Beziehung mit dem Leben und die M\u00f6glichkeit, sich mit dieser lebendig g\u00f6ttlichen Wahrheit durch die Welt zu bewegen. In Inspirationen und Innenweltreisen lehre ich diese Forschung und Lebensprozesse, die die kosmischen Realit\u00e4ten ebenso einbeziehen wie das allt\u00e4gliche Sterben der Sonne.<\/p>\n\n\n\n<ul style=\"font-size:0.8rem\" class=\"wp-block-list has-albert-sans-font-family\">\n<li style=\"font-size:1px\"><\/li>\n<\/ul>\n\n\n\n<h2 class=\"wp-block-heading has-text-color has-link-color has-oswald-font-family has-medium-font-size wp-elements-2\" style=\"color:#2d539a\">Background &amp; Education<\/h2>\n\n\n\n<ul style=\"font-size:clamp(0.875rem, 0.875rem + ((1vw - 0.2rem) * 0.042), 0.9rem);\" class=\"wp-block-list has-newsreader-font-family\">\n<li style=\"font-size:0.85rem\">interdisziplinary Philosophy (H. BA. UCM Maastricht, Master studies FU Berlin)<\/li>\n\n\n\n<li style=\"font-size:0.85rem\">for 9 y. professional youth athletics (e.g. fitness coach)<\/li>\n\n\n\n<li style=\"font-size:0.85rem\">Yoga, traditionelles Tantra und Non-duale Lehren<\/li>\n\n\n\n<li style=\"font-size:0.85rem\">vedisches Wissen von Swami Sri Kaleshwars Soul University <\/li>\n\n\n\n<li style=\"font-size:0.85rem\">a course in miracles &amp; christian mysticism<\/li>\n\n\n\n<li style=\"font-size:0.85rem\">research of trauma, embodiment and conscious communication (e.g. one-y. community based social research project)<\/li>\n\n\n\n<li style=\"font-size:0.85rem\">training in reading consciousness field (Meier)<\/li>\n\n\n\n<li style=\"font-size:0.85rem\">Auslandsaufenthalte und Reisen weltweit<\/li>\n\n\n\n<li style=\"font-size:1px\"><\/li>\n<\/ul>\n\n\n\n<p class=\"wp-block-paragraph\" style=\"font-size:0.8rem\">&nbsp;&nbsp;<\/p>\n<\/div>\n<\/div>","protected":false},"excerpt":{"rendered":"<p>Philosophin, Intuitive &amp; Nomadin Die wandelnden St\u00fcrme des Lebens ziehen auch durch meine Lebenslandschaft. Darin entfaltet sich die Sch\u00f6nheit meiner Biographie besonders durch forschende Begegnung mit Schattenwelten und den traumatischen Schrecklichkeiten des menschlichen Daseins. Trotz der oft extremen Herausforderungen folgte ich dieser intuitiven F\u00fchrung durch Krisen, Schicksalsschl\u00e4ge und intensive Sadhana in die Untiefen der Innenwelt [&hellip;]<\/p>\n","protected":false},"author":244310740,"featured_media":0,"parent":0,"menu_order":0,"comment_status":"closed","ping_status":"closed","template":"","meta":{"advanced_seo_description":"","jetpack_seo_html_title":"","jetpack_seo_noindex":false,"jetpack_seo_schema_type":"","_wpcom_ai_launchpad_about_page":false,"_wpcom_ai_launchpad_gallery_page":false,"_wpcom_ai_launchpad_contact_page":false,"_wpcom_ai_launchpad_events_page":false,"_wpcom_ai_launchpad_video_page":false,"_wpcom_ai_launchpad_portfolio_piece":false,"footnotes":""},"class_list":["post-402","page","type-page","status-publish","hentry"],"jetpack_likes_enabled":true,"jetpack_sharing_enabled":true,"jetpack_shortlink":"https:\/\/wp.me\/PfnWhv-6u","jetpack-related-posts":[{"id":1910,"url":"https:\/\/moving-with-life.org\/en\/forschungsreise\/","url_meta":{"origin":402,"position":0},"title":"spirituelle Entdeckungsreise","author":"Sara Gnanzou","date":"22. December 2025","format":false,"excerpt":"Innenweltreise von Schattenwelten zur Verbindung mit dem Leben Eine Session f\u00fcr heilsame Selbsterforschung - in der Sie die Zusammenh\u00e4nge Ihres Lebens verstehen, in tiefere Erlebensebenen f\u00fcr heilsame Antworten\u00a0eintauchen und kraftvolle Inspiration f\u00fcr Ihre Lebensentwicklung erleben k\u00f6nnen! Forschungsreise durch die eigene Innenwelt Wir alle wollen ein Leben mit Leben - innere\u2026","rel":"","context":"Similar post","block_context":{"text":"Similar post","link":""},"img":{"alt_text":"","src":"https:\/\/i0.wp.com\/moving-with-life.org\/wp-content\/uploads\/2025\/11\/0650_bearbeitet-1.jpg?fit=600%2C600&ssl=1&resize=350%2C200","width":350,"height":200,"srcset":"https:\/\/i0.wp.com\/moving-with-life.org\/wp-content\/uploads\/2025\/11\/0650_bearbeitet-1.jpg?fit=600%2C600&ssl=1&resize=350%2C200 1x, https:\/\/i0.wp.com\/moving-with-life.org\/wp-content\/uploads\/2025\/11\/0650_bearbeitet-1.jpg?fit=600%2C600&ssl=1&resize=525%2C300 1.5x"},"classes":[]},{"id":2496,"url":"https:\/\/moving-with-life.org\/en\/erweckungsreise\/","url_meta":{"origin":402,"position":1},"title":"Awakening Journey of the Inner World Body","author":"Sara Gnanzou","date":"31. January 2026","format":false,"excerpt":"Innenweltreise vom konditionierten K\u00f6rper zur seelischen Verk\u00f6rperung Sessions f\u00fcr heilsame Selbstentdeckung - in der Sie k\u00f6rperlich und traumaintelligent (Ihr) Leben kennenlernen, in tiefere Erlebensebenen f\u00fcr seelische N\u00e4hrung eintauchen und nachhaltig Lebenskraft erwecken k\u00f6nnen! Erweckungsreise des beseelten K\u00f6rpers Wir alle wollen ein Leben mit Leben - uns innerlich lebendig f\u00fchlen und\u2026","rel":"","context":"Similar post","block_context":{"text":"Similar post","link":""},"img":{"alt_text":"","src":"https:\/\/i0.wp.com\/moving-with-life.org\/wp-content\/uploads\/2025\/11\/0648_bearbeitet-1.jpg?resize=350%2C200&ssl=1","width":350,"height":200,"srcset":"https:\/\/i0.wp.com\/moving-with-life.org\/wp-content\/uploads\/2025\/11\/0648_bearbeitet-1.jpg?resize=350%2C200&ssl=1 1x, https:\/\/i0.wp.com\/moving-with-life.org\/wp-content\/uploads\/2025\/11\/0648_bearbeitet-1.jpg?resize=525%2C300&ssl=1 1.5x"},"classes":[]},{"id":3150,"url":"https:\/\/moving-with-life.org\/en\/erloesungsreise\/","url_meta":{"origin":402,"position":2},"title":"Erl\u00f6sungsreise durch das Familienfeld","author":"Sara Gnanzou","date":"6. June 2026","format":false,"excerpt":"TransformationsReise durch den Schatten zur Wahrheit des Lebens Eine Session f\u00fcr heilsame Selbsterforschung 1:1 - in der Du die Zusammenh\u00e4nge Deines Familiensystems verstehen, in tiefere Erlebensebenen f\u00fcr erl\u00f6sende Erfahrungen\u00a0eintauchen und sch\u00f6pferische Lebenskraft aus leidvollen Schattenfeldern befreien kannst! Erl\u00f6sungsreise durch das Familienfeld Jede Seele inkarniert durch ein Familienfeld in das verk\u00f6rperte\u2026","rel":"","context":"Similar post","block_context":{"text":"Similar post","link":""},"img":{"alt_text":"","src":"https:\/\/i0.wp.com\/moving-with-life.org\/wp-content\/uploads\/2026\/08\/Pfeil-edited-5.png?resize=350%2C200&ssl=1","width":350,"height":200,"srcset":"https:\/\/i0.wp.com\/moving-with-life.org\/wp-content\/uploads\/2026\/08\/Pfeil-edited-5.png?resize=350%2C200&ssl=1 1x, https:\/\/i0.wp.com\/moving-with-life.org\/wp-content\/uploads\/2026\/08\/Pfeil-edited-5.png?resize=525%2C300&ssl=1 1.5x, https:\/\/i0.wp.com\/moving-with-life.org\/wp-content\/uploads\/2026\/08\/Pfeil-edited-5.png?resize=700%2C400&ssl=1 2x, https:\/\/i0.wp.com\/moving-with-life.org\/wp-content\/uploads\/2026\/08\/Pfeil-edited-5.png?resize=1050%2C600&ssl=1 3x, https:\/\/i0.wp.com\/moving-with-life.org\/wp-content\/uploads\/2026\/08\/Pfeil-edited-5.png?resize=1400%2C800&ssl=1 4x"},"classes":[]},{"id":2372,"url":"https:\/\/moving-with-life.org\/en\/buchung-forschungsreise-durch-bewusstseinsfeld\/","url_meta":{"origin":402,"position":3},"title":"Verkauf Forschungsreise Bewusstseinsfeld","author":"Sara Gnanzou","date":"3. January 2026","format":false,"excerpt":"Innenweltreise von ungel\u00f6sten Lebensfragen zur Verbindung mit dem Leben Forschungsreise durch's Bewusstseinsfeld Eine Session f\u00fcr heilsame Selbsterforschung - in der Sie die Zusammenh\u00e4nge Ihres Lebens verstehen, in tiefere Erlebensebenen f\u00fcr heilsame Antworten\u00a0eintauchen und kraftvolle Inspiration f\u00fcr Ihre Lebensentwicklung erleben k\u00f6nnen! \u2b50 Buchen Sie jetzt! \u2b50 Fokus-Session 65 \u20ac \u2713 erstes\u2026","rel":"","context":"Similar post","block_context":{"text":"Similar post","link":""},"img":{"alt_text":"","src":"https:\/\/i0.wp.com\/moving-with-life.org\/wp-content\/uploads\/2025\/11\/0650_bearbeitet-1.jpg?fit=600%2C600&ssl=1&resize=350%2C200","width":350,"height":200,"srcset":"https:\/\/i0.wp.com\/moving-with-life.org\/wp-content\/uploads\/2025\/11\/0650_bearbeitet-1.jpg?fit=600%2C600&ssl=1&resize=350%2C200 1x, https:\/\/i0.wp.com\/moving-with-life.org\/wp-content\/uploads\/2025\/11\/0650_bearbeitet-1.jpg?fit=600%2C600&ssl=1&resize=525%2C300 1.5x"},"classes":[]},{"id":601,"url":"https:\/\/moving-with-life.org\/en\/kontakt\/","url_meta":{"origin":402,"position":4},"title":"Contact","author":"Sara Gnanzou","date":"3. April 2025","format":false,"excerpt":"","rel":"","context":"Similar post","block_context":{"text":"Similar post","link":""},"img":{"alt_text":"","src":"","width":0,"height":0},"classes":[]},{"id":2020,"url":"https:\/\/moving-with-life.org\/en\/podcast\/","url_meta":{"origin":402,"position":5},"title":"Podcast","author":"Sara Gnanzou","date":"16. November 2025","format":false,"excerpt":"","rel":"","context":"Similar post","block_context":{"text":"Similar post","link":""},"img":{"alt_text":"","src":"","width":0,"height":0},"classes":[]}],"_links":{"self":[{"href":"https:\/\/moving-with-life.org\/en\/wp-json\/wp\/v2\/pages\/402","targetHints":{"allow":["GET"]}}],"collection":[{"href":"https:\/\/moving-with-life.org\/en\/wp-json\/wp\/v2\/pages"}],"about":[{"href":"https:\/\/moving-with-life.org\/en\/wp-json\/wp\/v2\/types\/page"}],"author":[{"embeddable":true,"href":"https:\/\/moving-with-life.org\/en\/wp-json\/wp\/v2\/users\/244310740"}],"replies":[{"embeddable":true,"href":"https:\/\/moving-with-life.org\/en\/wp-json\/wp\/v2\/comments?post=402"}],"version-history":[{"count":73,"href":"https:\/\/moving-with-life.org\/en\/wp-json\/wp\/v2\/pages\/402\/revisions"}],"predecessor-version":[{"id":3664,"href":"https:\/\/moving-with-life.org\/en\/wp-json\/wp\/v2\/pages\/402\/revisions\/3664"}],"wp:attachment":[{"href":"https:\/\/moving-with-life.org\/en\/wp-json\/wp\/v2\/media?parent=402"}],"curies":[{"name":"wp","href":"https:\/\/api.w.org\/{rel}","templated":true}]}}