{"id":2496,"date":"2026-01-31T14:07:02","date_gmt":"2026-01-31T13:07:02","guid":{"rendered":"https:\/\/moving-with-life.org\/?page_id=2496"},"modified":"2026-04-08T16:41:53","modified_gmt":"2026-04-08T14:41:53","slug":"erweckungsreise-des-beseelten-koerpers","status":"publish","type":"page","link":"https:\/\/moving-with-life.org\/en\/erweckungsreise-des-beseelten-koerpers\/","title":{"rendered":"Awakening Journey of the Inner World Body"},"content":{"rendered":"<div class=\"wp-block-group has-global-padding is-layout-constrained wp-block-group-is-layout-constrained\">\n<p class=\"has-text-align-center is-style-split has-border-color has-base-border-color has-white-background-color has-background has-large-font-size wp-block-paragraph\">Innenweltreise vom konditionierten K\u00f6rper zur seelischen Verk\u00f6rperung<\/p>\n\n\n\n<pre class=\"wp-block-verse has-text-align-center is-style-split has-border-color has-base-border-color has-small-font-size\" style=\"margin-right:var(--wp--preset--spacing--70);margin-left:var(--wp--preset--spacing--70)\"><strong>Sessions f\u00fcr heilsame Selbstentdeckung - in der Sie k\u00f6rperlich und traumaintelligent (Ihr) Leben kennenlernen, in tiefere Erlebensebenen f\u00fcr seelische N\u00e4hrung eintauchen und nachhaltig Lebenskraft erwecken k\u00f6nnen<\/strong>!<\/pre>\n\n\n\n<div style=\"height:10px\" aria-hidden=\"true\" class=\"wp-block-spacer is-style-split\"><\/div>\n\n\n\n<figure class=\"wp-block-image aligncenter size-full is-resized has-custom-border is-style-split\"><img data-recalc-dims=\"1\" loading=\"lazy\" decoding=\"async\" width=\"600\" height=\"600\" data-attachment-id=\"1992\" data-permalink=\"https:\/\/moving-with-life.org\/en\/?attachment_id=1992\" data-orig-file=\"https:\/\/i0.wp.com\/moving-with-life.org\/wp-content\/uploads\/2025\/11\/0648_bearbeitet-1.jpg?fit=600%2C600&amp;ssl=1\" data-orig-size=\"600,600\" data-comments-opened=\"1\" data-image-meta=\"{&quot;aperture&quot;:&quot;0&quot;,&quot;credit&quot;:&quot;&quot;,&quot;camera&quot;:&quot;EOS 650D&quot;,&quot;caption&quot;:&quot;&quot;,&quot;created_timestamp&quot;:&quot;1678091135&quot;,&quot;copyright&quot;:&quot;&quot;,&quot;focal_length&quot;:&quot;0&quot;,&quot;iso&quot;:&quot;3200&quot;,&quot;shutter_speed&quot;:&quot;0&quot;,&quot;title&quot;:&quot;&quot;,&quot;orientation&quot;:&quot;0&quot;}\" data-image-title=\"0648_bearbeitet\" data-image-description=\"\" data-image-caption=\"\" data-large-file=\"https:\/\/i0.wp.com\/moving-with-life.org\/wp-content\/uploads\/2025\/11\/0648_bearbeitet-1.jpg?fit=600%2C600&amp;ssl=1\" src=\"https:\/\/i0.wp.com\/moving-with-life.org\/wp-content\/uploads\/2025\/11\/0648_bearbeitet-1.jpg?resize=600%2C600&#038;ssl=1\" alt=\"\" class=\"has-border-color has-base-border-color wp-image-1992\" style=\"width:260px;height:auto\"\/><\/figure>\n\n\n\n<div style=\"height:10px\" aria-hidden=\"true\" class=\"wp-block-spacer is-style-split\"><\/div>\n\n\n\n<h2 class=\"wp-block-heading has-text-align-center is-style-split has-border-color has-base-border-color\" style=\"font-size:clamp(1.976rem, 1.976rem + ((1vw - 0.2rem) * 2.54), 3.5rem);\">Erweckungsreise des beseelten K\u00f6rpers<\/h2>\n\n\n\n<div style=\"height:10px\" aria-hidden=\"true\" class=\"wp-block-spacer is-style-split\"><\/div>\n\n\n\n<pre class=\"wp-block-verse has-text-align-center is-style-split has-border-color has-base-border-color has-medium-font-size\"><strong>Wir alle wollen ein Leben mit Leben<\/strong> - uns innerlich lebendig f\u00fchlen und uns damit durch die Welt bewegen. Doch stattdessen bleibt es oft eine Suche nach dem inneren Vibrieren erf\u00fcllender Lebendigkeit. <strong>Wir sp\u00fcren die sch\u00f6pferische Lebenskraft in uns kaum und bewegen uns in konditioniert lebenseinschr\u00e4nkender Weise durch die Welt.<\/strong> Unser Leben geh\u00f6rt dann nicht wirklich uns und wir scheinen gefangen in einer unlebendigen Welt. Wir bewegen uns nach \u00e4u\u00dferen Gegebenheiten, Autorit\u00e4ten oder Vorstellungen, statt die Entwicklungsreise unseres Lebens zu erfahren. <strong>In der Tiefe sind wir mit dem Leben im Konflikt und wissen nicht, wie die seelische Lebenskraft nat\u00fcrlich frei verk\u00f6rpert werden kann.<\/strong><br> <br>Um mit dem Leben klar zu kommen und die gest\u00f6rte Beziehung zur sch\u00f6pferischen Lebenskraft zu erl\u00f6sen, hilft verk\u00f6rperte Selbstentdeckung. <strong>Es braucht Erforschung und Kultivierung der verk\u00f6rperten Verbundenheit zur eigenen Lebensenergie und L\u00f6sung hinderlicher Konditionierungen f\u00fcr eine Befreiung der authentischen Lebensbewegungen. <\/strong>Das erm\u00e4chtigt zur seelischen Verk\u00f6rperung, die die Innenwelt energetisch f\u00fcr die Weisheit der G\u00f6ttin, der sch\u00f6pferischen Lebenskraft, \u00f6ffnet. Es ist die Lebensf\u00e4higkeit, die den Herausforderungen den Lebens begegnen kann und ein lebendiges Leben erm\u00f6glicht.<br><br><strong>Die Erweckungsreisen des beseelten K\u00f6rpers sind f\u00fcr diese erm\u00e4chtigende Selbstentdeckung und innere Verbundenheit mit dem Leben kreiert wurden.<\/strong> Durch konkrete \u00e4u\u00dfere K\u00f6rperbewegungen erwecken wir den inneren K\u00f6rper, den beseelten K\u00f6rper. Wir tauchen in die innere Erforschung der energetischen Sch\u00f6pfungszusammenh\u00e4nge der Innenwelt und trainieren das Nervensystem f\u00fcr den Rausch der befreiten G\u00f6ttin. In Verbindung von K\u00f6rper und Bewusstsein sp\u00fcren wir daf\u00fcr traumaintelligent die Lebensblockaden und konditionierten Missverst\u00e4ndnisse auf. <strong>Durch Energiefluss im Nervensystem und Kultivierung eines freien Sp\u00fcrgewahrseins kann Lebensintelligenz aus lebenseinschr\u00e4nkenden Bewegungsmustern erl\u00f6st werden und sich entwickeln.<\/strong> Daf\u00fcr zeige ich Wege, wie wir den Alltag, Schatten und Trauma als seelisches Entwicklungspotential nutzen k\u00f6nnen und das Leben zu einer Erweckungsreise mit der G\u00f6ttin wird.<\/pre>\n\n\n\n<div style=\"height:10px\" aria-hidden=\"true\" class=\"wp-block-spacer is-style-split\"><\/div>\n\n\n\n<div class=\"wp-block-buttons has-custom-font-size is-style-split has-border-color has-base-border-color has-x-small-font-size is-content-justification-center is-layout-flex wp-container-core-buttons-is-layout-a0cd93e3 wp-block-buttons-is-layout-flex\" style=\"border-top-left-radius:0px;border-top-right-radius:0px;border-bottom-left-radius:0px;border-bottom-right-radius:0px\">\n<div class=\"wp-block-button is-style-fill\"><a class=\"wp-block-button__link has-secondary-color has-text-color has-background has-link-color has-large-font-size has-custom-font-size wp-element-button\" href=\"https:\/\/moving-with-life.org\/en\/buchung-innenweltkoerper\/\" style=\"border-top-left-radius:44px;border-top-right-radius:44px;border-bottom-left-radius:44px;border-bottom-right-radius:44px;background-color:#fcb900b3\">ja, ich will den innenweltk\u00f6rper entdecken!<\/a><\/div>\n<\/div>\n\n\n\n<div style=\"height:10px\" aria-hidden=\"true\" class=\"wp-block-spacer is-style-split\"><\/div>\n\n\n\n<h3 class=\"wp-block-heading has-text-align-center is-style-split has-border-color has-base-border-color has-white-background-color has-background has-medium-font-size\">Diese Bewegungsreise kann zeigen, was wirklich leben und sich seelisch verk\u00f6rpert durch die Welt zu bewegen bedeutet.<\/h3>\n\n\n\n<div style=\"height:10px\" aria-hidden=\"true\" class=\"wp-block-spacer is-style-split\"><\/div>\n\n\n\n<div class=\"wp-block-group is-style-split has-border-color has-base-border-color has-x-small-font-size has-global-padding is-layout-constrained wp-block-group-is-layout-constrained\">\n<pre class=\"wp-block-verse has-text-align-center\" style=\"font-size:clamp(0.875rem, 0.875rem + ((1vw - 0.2rem) * 0.208), 1rem);\">\u2b50<br>Sie haben die M\u00f6glichkeit, eine energetische Perspektive auf Ihre Lebenserfahrungen zu entdecken, Klarheit \u00fcber <br>die seelischen Bewegungen zu gewinnen und mehr Verbundenheit mit Ihrer Lebenskraft zu erfahren.<\/pre>\n\n\n\n<pre class=\"wp-block-verse has-text-align-center\" style=\"font-size:clamp(0.875rem, 0.875rem + ((1vw - 0.2rem) * 0.208), 1rem);\">\u2b50<br>Sie k\u00f6nnen verloren geglaubtes Leben hinterm Schatten und einschr\u00e4nkenden Konditionierungen aufsp\u00fcren und <br>Ihren ureigenen Entwicklungsweg in ein tiefbewegtes Leben erkennen.<\/pre>\n\n\n\n<pre class=\"wp-block-verse has-text-align-center\" style=\"font-size:clamp(0.875rem, 0.875rem + ((1vw - 0.2rem) * 0.208), 1rem);\">\u2b50<br>Sie erleben einen kraftvollen Forschungsraum, in dem Sie durch Ehrlichkeit, <br>Zuwendung und K\u00f6rperlichkeit Ihre Innenwelt transformieren und all Ihre Lebenserfahrungen <br>f\u00fcr ein inneres Erwachen nutzen k\u00f6nnen. <\/pre>\n<\/div>\n\n\n\n<div style=\"height:10px\" aria-hidden=\"true\" class=\"wp-block-spacer is-style-split\"><\/div>\n\n\n\n<p class=\"has-text-align-center is-style-split has-border-color has-base-border-color has-medium-font-size wp-block-paragraph\">Jede Erweckungsreise des Innenweltk\u00f6rpers ist ein Eintauchen in die innere Beziehung mit dem Leben. Jede Session gibt praktische Tipps, um das Nervensystem an wahres Leben zu erinnern.<\/p>\n\n\n\n<div style=\"height:10px\" aria-hidden=\"true\" class=\"wp-block-spacer is-style-split\"><\/div>\n\n\n\n<div class=\"wp-block-cover is-style-split has-border-color has-base-border-color has-x-small-font-size\" style=\"min-height:137px;aspect-ratio:unset;\"><img data-recalc-dims=\"1\" loading=\"lazy\" decoding=\"async\" width=\"900\" height=\"600\" data-attachment-id=\"2315\" data-permalink=\"https:\/\/moving-with-life.org\/en\/forschungsreise-durchs-bewusstseinsfeld\/img_0501-2\/\" data-orig-file=\"https:\/\/i0.wp.com\/moving-with-life.org\/wp-content\/uploads\/2025\/12\/IMG_0501-1.jpg?fit=900%2C600&amp;ssl=1\" data-orig-size=\"900,600\" data-comments-opened=\"1\" data-image-meta=\"{&quot;aperture&quot;:&quot;5.6&quot;,&quot;credit&quot;:&quot;&quot;,&quot;camera&quot;:&quot;EOS 650D&quot;,&quot;caption&quot;:&quot;&quot;,&quot;created_timestamp&quot;:&quot;1678090869&quot;,&quot;copyright&quot;:&quot;&quot;,&quot;focal_length&quot;:&quot;30&quot;,&quot;iso&quot;:&quot;400&quot;,&quot;shutter_speed&quot;:&quot;0.01&quot;,&quot;title&quot;:&quot;&quot;,&quot;orientation&quot;:&quot;0&quot;}\" data-image-title=\"IMG_0501\" data-image-description=\"\" data-image-caption=\"\" data-large-file=\"https:\/\/i0.wp.com\/moving-with-life.org\/wp-content\/uploads\/2025\/12\/IMG_0501-1.jpg?fit=900%2C600&amp;ssl=1\" class=\"wp-block-cover__image-background wp-image-2315 size-full\" alt=\"\" src=\"https:\/\/i0.wp.com\/moving-with-life.org\/wp-content\/uploads\/2025\/12\/IMG_0501-1.jpg?resize=900%2C600&#038;ssl=1\" data-object-fit=\"cover\" srcset=\"https:\/\/i0.wp.com\/moving-with-life.org\/wp-content\/uploads\/2025\/12\/IMG_0501-1.jpg?w=900&amp;ssl=1 900w, https:\/\/i0.wp.com\/moving-with-life.org\/wp-content\/uploads\/2025\/12\/IMG_0501-1.jpg?resize=300%2C200&amp;ssl=1 300w, https:\/\/i0.wp.com\/moving-with-life.org\/wp-content\/uploads\/2025\/12\/IMG_0501-1.jpg?resize=150%2C100&amp;ssl=1 150w, https:\/\/i0.wp.com\/moving-with-life.org\/wp-content\/uploads\/2025\/12\/IMG_0501-1.jpg?resize=768%2C512&amp;ssl=1 768w, https:\/\/i0.wp.com\/moving-with-life.org\/wp-content\/uploads\/2025\/12\/IMG_0501-1.jpg?resize=18%2C12&amp;ssl=1 18w\" sizes=\"auto, (max-width: 900px) 100vw, 900px\" \/><span aria-hidden=\"true\" class=\"wp-block-cover__background has-secondary-background-color has-background-dim-40 has-background-dim\"><\/span><div class=\"wp-block-cover__inner-container is-layout-flow wp-block-cover-is-layout-flow\">\n<p class=\"has-text-align-center has-small-font-size wp-block-paragraph\"><strong>&#8222;Es ist sch\u00f6n wie ich mit der tollen Anleitung von Dir intensiv mit meinem K\u00f6rper in Kontakt komme und festsitzende Energien abflie\u00dfen d\u00fcrfen und mehr Lebendigkeit im K\u00f6rper sp\u00fcrbar wird.<br>Es hat mir sehr gutgetan und ich merke was es mit meinem System macht, wenn ich den K\u00f6rper mehr in meine Arbeit mit mir einbaue&#8230;Ich danke Dir f\u00fcr deine wundervolle Arbeit!&#8220;<\/strong><\/p>\n\n\n\n<p class=\"has-text-align-center wp-block-paragraph\">Joachim Tumfart, 50 Jahre<\/p>\n<\/div><\/div>\n\n\n\n<div style=\"height:10px\" aria-hidden=\"true\" class=\"wp-block-spacer is-style-split\"><\/div>\n\n\n\n<div class=\"wp-block-buttons has-custom-font-size is-style-split has-border-color has-base-border-color has-x-small-font-size is-content-justification-center is-layout-flex wp-container-core-buttons-is-layout-a0cd93e3 wp-block-buttons-is-layout-flex\" style=\"border-top-left-radius:0px;border-top-right-radius:0px;border-bottom-left-radius:0px;border-bottom-right-radius:0px\">\n<div class=\"wp-block-button is-style-fill\"><a class=\"wp-block-button__link has-secondary-color has-text-color has-background has-link-color has-large-font-size has-custom-font-size wp-element-button\" href=\"https:\/\/moving-with-life.org\/en\/buchung-innenweltkoerper\/\" style=\"border-top-left-radius:44px;border-top-right-radius:44px;border-bottom-left-radius:44px;border-bottom-right-radius:44px;background-color:#fcb900b3\">ja, ich will in die Lebenskraft erwecken!<\/a><\/div>\n<\/div>\n\n\n\n<div style=\"height:10px\" aria-hidden=\"true\" class=\"wp-block-spacer is-style-split\"><\/div>\n\n\n\n<div class=\"wp-block-group is-style-split has-border-color has-base-border-color has-x-small-font-size has-global-padding is-layout-constrained wp-block-group-is-layout-constrained\">\n<h3 class=\"wp-block-heading has-text-align-center has-albert-sans-font-family\" style=\"font-size:clamp(1.198rem, 1.198rem + ((1vw - 0.2rem) * 1.17), 1.9rem);\">Die Erweckungsreise des Innenweltk\u00f6rpers unterst\u00fctzt bei&#8230;<\/h3>\n\n\n\n<pre class=\"wp-block-verse has-text-align-center\" style=\"font-size:clamp(0.875rem, 0.875rem + ((1vw - 0.2rem) * 0.208), 1rem);\">\u2b50<br>Befreiung der sch\u00f6pferischen Lebenskraft aus Leidensr\u00e4umen &amp; <br>Verarbeitung von Verletzungen, Gewalterfahrungen, Trauma, Verlust, Konflikten etc.<\/pre>\n\n\n\n<pre class=\"wp-block-verse has-text-align-center\" style=\"font-size:clamp(0.875rem, 0.875rem + ((1vw - 0.2rem) * 0.208), 1rem);\">\u2b50<br>Entwicklung von Lebensf\u00e4higkeit mit innerer Autorit\u00e4t, <br>Selbsterm\u00e4chtigung und Verantwortung<\/pre>\n\n\n\n<pre class=\"wp-block-verse has-text-align-center\" style=\"font-size:clamp(0.875rem, 0.875rem + ((1vw - 0.2rem) * 0.208), 1rem);\">\u2b50<br>Bewusstseinserweiterung durch Sp\u00fcrgewahrsein<br>und Erweckung der Innenwelt zur Multidimensionalit\u00e4t<\/pre>\n\n\n\n<pre class=\"wp-block-verse has-text-align-center\" style=\"font-size:clamp(0.875rem, 0.875rem + ((1vw - 0.2rem) * 0.208), 1rem);\">\u2b50<br>Aktivierung von Weisheit, Lebensbejahung und energetischer Pr\u00e4senz<\/pre>\n\n\n\n<pre class=\"wp-block-verse has-text-align-center\" style=\"font-size:clamp(0.875rem, 0.875rem + ((1vw - 0.2rem) * 0.208), 1rem);\">\u2b50<br>Aufl\u00f6sung kultureller Lebensmissverst\u00e4ndnisse, <br>destruktiver Verhaltensmuster und Glaubensrichtungen<\/pre>\n\n\n\n<pre class=\"wp-block-verse has-text-align-center\" style=\"font-size:clamp(0.875rem, 0.875rem + ((1vw - 0.2rem) * 0.208), 1rem);\">\u2b50<br>K\u00f6rperbeheimatung, Regulierung des Nervensystems (Stressabbau) und innerer N\u00e4hrung<\/pre>\n\n\n\n<pre class=\"wp-block-verse has-text-align-center\" style=\"font-size:clamp(0.875rem, 0.875rem + ((1vw - 0.2rem) * 0.208), 1rem);\">\u2b50<br>Kultivierung von verk\u00f6rperter Selbsterkenntnis und Spiritualit\u00e4t im Alltag<\/pre>\n<\/div>\n\n\n\n<div style=\"height:10px\" aria-hidden=\"true\" class=\"wp-block-spacer is-style-split\"><\/div>\n\n\n\n<h3 class=\"wp-block-heading has-text-align-center is-style-split has-border-color has-base-border-color has-white-background-color has-background has-medium-font-size\">Die Reise f\u00fchrt zu den inneren Orten, wo Leben verstummt ist und st\u00f6\u00dft einen \u00d6ffnungsprozess f\u00fcr die verborgenen seelischen Lebensbewegungen an.<\/h3>\n\n\n\n<div style=\"height:10px\" aria-hidden=\"true\" class=\"wp-block-spacer is-style-split\"><\/div>\n\n\n\n<figure class=\"wp-block-image aligncenter size-full is-resized has-custom-border is-style-split is-style-rounded\"><img data-recalc-dims=\"1\" loading=\"lazy\" decoding=\"async\" width=\"1280\" height=\"853\" data-attachment-id=\"1871\" data-permalink=\"https:\/\/moving-with-life.org\/en\/sara-gnanzou\/photo_2025-10-27_22-30-18\/\" data-orig-file=\"https:\/\/i0.wp.com\/moving-with-life.org\/wp-content\/uploads\/2025\/11\/photo_2025-10-27_22-30-18.jpg?fit=1280%2C853&amp;ssl=1\" data-orig-size=\"1280,853\" data-comments-opened=\"1\" data-image-meta=\"{&quot;aperture&quot;:&quot;0&quot;,&quot;credit&quot;:&quot;&quot;,&quot;camera&quot;:&quot;&quot;,&quot;caption&quot;:&quot;&quot;,&quot;created_timestamp&quot;:&quot;0&quot;,&quot;copyright&quot;:&quot;&quot;,&quot;focal_length&quot;:&quot;0&quot;,&quot;iso&quot;:&quot;0&quot;,&quot;shutter_speed&quot;:&quot;0&quot;,&quot;title&quot;:&quot;&quot;,&quot;orientation&quot;:&quot;0&quot;}\" data-image-title=\"photo_2025-10-27_22-30-18\" data-image-description=\"\" data-image-caption=\"\" data-large-file=\"https:\/\/i0.wp.com\/moving-with-life.org\/wp-content\/uploads\/2025\/11\/photo_2025-10-27_22-30-18.jpg?fit=1024%2C682&amp;ssl=1\" src=\"https:\/\/i0.wp.com\/moving-with-life.org\/wp-content\/uploads\/2025\/11\/photo_2025-10-27_22-30-18.jpg?resize=1280%2C853&#038;ssl=1\" alt=\"\" class=\"has-border-color has-base-border-color wp-image-1871\" style=\"width:403px;height:auto\"\/><\/figure>\n\n\n\n<div class=\"wp-block-group is-style-split has-border-color has-base-border-color has-x-small-font-size has-global-padding is-layout-constrained wp-block-group-is-layout-constrained\">\n<h3 class=\"wp-block-heading has-text-align-center has-albert-sans-font-family\" style=\"font-size:clamp(1.198rem, 1.198rem + ((1vw - 0.2rem) * 1.17), 1.9rem);\">Forschungspartnerin &amp; Reisef\u00fchrerin Sara Gnanzou<\/h3>\n\n\n\n<p class=\"has-text-align-center has-medium-font-size wp-block-paragraph\">Als Forschungspartnerin f\u00fchrt Sara Gnanzou Sie mit Klarheit durch die Bewegungsreise und begleitet Sie als zwischenmenschliche Pr\u00e4senz sanft durch die inneren Prozesse. Sie ist eine Verbindungsbr\u00fccke zu tieferen Orten in der Innenwelt und f\u00fchrt Sie f\u00fcr Ihre Lebensfragen mit intuitiver Klarsicht durch das Dickicht der Selbsterforschung zu heilsamen Antworten und Erfahrungen. Dabei liegt ihr am Herzen einen lebendigen Forschungsdialog mit dem Leben, in dem die inneren Ber\u00fchrungen und Bewegungen in verk\u00f6rperter Kontemplation Raum zur Erkenntnisentfaltung bekommen, zu erm\u00f6glichen.<\/p>\n\n\n\n<p class=\"has-text-align-center has-medium-font-size wp-block-paragraph\">10 Jahre Erfahrung in ganzheitlicher Selbsterforschung und hingebungsvolle Achtung f\u00fcr seelische Verk\u00f6rperungsprozesse machen Sara Gnanzou zu einer tiefgr\u00fcndigen und authentischen Reisef\u00fchrerin. Ihre St\u00e4rken dabei sind empathisch die inneren Bewegungen zu erkennen, sanft durch Blockaden zu einer k\u00f6rperlich sp\u00fcrbaren Beziehung mit dem Leben zu f\u00fchren und mit ruhiger authentischer Pr\u00e4senz intensive Prozesse zu begleiten.<\/p>\n<\/div>\n\n\n\n<div style=\"height:10px\" aria-hidden=\"true\" class=\"wp-block-spacer is-style-split\"><\/div>\n\n\n\n<div class=\"wp-block-cover is-style-split has-border-color has-base-border-color has-x-small-font-size\" style=\"min-height:137px;aspect-ratio:unset;\"><img data-recalc-dims=\"1\" loading=\"lazy\" decoding=\"async\" width=\"900\" height=\"600\" data-attachment-id=\"2315\" data-permalink=\"https:\/\/moving-with-life.org\/en\/forschungsreise-durchs-bewusstseinsfeld\/img_0501-2\/\" data-orig-file=\"https:\/\/i0.wp.com\/moving-with-life.org\/wp-content\/uploads\/2025\/12\/IMG_0501-1.jpg?fit=900%2C600&amp;ssl=1\" data-orig-size=\"900,600\" data-comments-opened=\"1\" data-image-meta=\"{&quot;aperture&quot;:&quot;5.6&quot;,&quot;credit&quot;:&quot;&quot;,&quot;camera&quot;:&quot;EOS 650D&quot;,&quot;caption&quot;:&quot;&quot;,&quot;created_timestamp&quot;:&quot;1678090869&quot;,&quot;copyright&quot;:&quot;&quot;,&quot;focal_length&quot;:&quot;30&quot;,&quot;iso&quot;:&quot;400&quot;,&quot;shutter_speed&quot;:&quot;0.01&quot;,&quot;title&quot;:&quot;&quot;,&quot;orientation&quot;:&quot;0&quot;}\" data-image-title=\"IMG_0501\" data-image-description=\"\" data-image-caption=\"\" data-large-file=\"https:\/\/i0.wp.com\/moving-with-life.org\/wp-content\/uploads\/2025\/12\/IMG_0501-1.jpg?fit=900%2C600&amp;ssl=1\" class=\"wp-block-cover__image-background wp-image-2315 size-full\" alt=\"\" src=\"https:\/\/i0.wp.com\/moving-with-life.org\/wp-content\/uploads\/2025\/12\/IMG_0501-1.jpg?resize=900%2C600&#038;ssl=1\" data-object-fit=\"cover\" srcset=\"https:\/\/i0.wp.com\/moving-with-life.org\/wp-content\/uploads\/2025\/12\/IMG_0501-1.jpg?w=900&amp;ssl=1 900w, https:\/\/i0.wp.com\/moving-with-life.org\/wp-content\/uploads\/2025\/12\/IMG_0501-1.jpg?resize=300%2C200&amp;ssl=1 300w, https:\/\/i0.wp.com\/moving-with-life.org\/wp-content\/uploads\/2025\/12\/IMG_0501-1.jpg?resize=150%2C100&amp;ssl=1 150w, https:\/\/i0.wp.com\/moving-with-life.org\/wp-content\/uploads\/2025\/12\/IMG_0501-1.jpg?resize=768%2C512&amp;ssl=1 768w, https:\/\/i0.wp.com\/moving-with-life.org\/wp-content\/uploads\/2025\/12\/IMG_0501-1.jpg?resize=18%2C12&amp;ssl=1 18w\" sizes=\"auto, (max-width: 900px) 100vw, 900px\" \/><span aria-hidden=\"true\" class=\"wp-block-cover__background has-secondary-background-color has-background-dim-40 has-background-dim\"><\/span><div class=\"wp-block-cover__inner-container is-layout-flow wp-block-cover-is-layout-flow\">\n<p class=\"has-text-align-center has-small-font-size wp-block-paragraph\"><strong>&#8222;Sara schafft es in jeder Session, die ich mit ihr wahrgenommen habe, etwas in mir freizusetzen, was mich zugleich begl\u00fcckt und \u00e4ngstigt. Es geschehen Dinge, derer ich mir so davor nicht bewusst war. Ich habe die Reise erst begonnen und m\u00f6chte sie gerne fortf\u00fchren.&#8220;<\/strong><\/p>\n\n\n\n<p class=\"has-text-align-center wp-block-paragraph\">Jakob Geiger<\/p>\n<\/div><\/div>\n\n\n\n<div style=\"height:10px\" aria-hidden=\"true\" class=\"wp-block-spacer is-style-split\"><\/div>\n\n\n\n<div class=\"wp-block-buttons has-custom-font-size is-style-split has-border-color has-base-border-color has-x-small-font-size is-content-justification-center is-layout-flex wp-container-core-buttons-is-layout-a0cd93e3 wp-block-buttons-is-layout-flex\" style=\"border-top-left-radius:0px;border-top-right-radius:0px;border-bottom-left-radius:0px;border-bottom-right-radius:0px\">\n<div class=\"wp-block-button is-style-fill\"><a class=\"wp-block-button__link has-secondary-color has-text-color has-background has-link-color has-large-font-size has-custom-font-size wp-element-button\" href=\"https:\/\/moving-with-life.org\/en\/buchung-innenweltkoerper\/\" style=\"border-top-left-radius:44px;border-top-right-radius:44px;border-bottom-left-radius:44px;border-bottom-right-radius:44px;background-color:#fcb900b3\">ja, ich will auf die heilsame reise gehen!<\/a><\/div>\n<\/div>\n\n\n\n<div style=\"height:10px\" aria-hidden=\"true\" class=\"wp-block-spacer is-style-split\"><\/div>\n\n\n\n<div class=\"wp-block-group is-style-split has-border-color has-base-border-color has-x-small-font-size has-global-padding is-layout-constrained wp-block-group-is-layout-constrained\">\n<h3 class=\"wp-block-heading has-text-align-center has-albert-sans-font-family\" style=\"font-size:clamp(1.198rem, 1.198rem + ((1vw - 0.2rem) * 1.17), 1.9rem);\">Wie l\u00e4uft eine Erweckungsgreise des Innenweltk\u00f6rpers ab?<\/h3>\n\n\n\n<div class=\"wp-block-columns is-layout-flex wp-container-core-columns-is-layout-802607ce wp-block-columns-is-layout-flex\" style=\"font-size:0.8rem\">\n<div class=\"wp-block-column is-layout-flow wp-block-column-is-layout-flow\" style=\"flex-basis:33.33%\">\n<p class=\"has-small-font-size wp-block-paragraph\">Die Bewegungsreise ist designt um Lebensenergie zu erwecken und zu kultivieren. Daf\u00fcr folgt jede Session dem nat\u00fcrlichen Wellenfluss von Energie mit <strong>aufsteigenden und absteigenden Praxissequenzen<\/strong>.<\/p>\n<\/div>\n\n\n\n<div class=\"wp-block-column is-layout-flow wp-block-column-is-layout-flow\" style=\"padding-right:var(--wp--preset--spacing--70);padding-left:var(--wp--preset--spacing--70);flex-basis:33.33%\">\n<p class=\"has-small-font-size wp-block-paragraph\">Die Praxis besteht meist aus <strong>verschiedenen Elementen<\/strong>, z.B.: Sch\u00fctteln und freie Bewegung, \u00dcbungen mit spezifischen K\u00f6rperteilen und K\u00f6rperebenen, Yogaasanas, Atem\u00fcbungen, Ber\u00fchrung und meditativen Sp\u00fcrsequenzen.<\/p>\n<\/div>\n\n\n\n<div class=\"wp-block-column is-layout-flow wp-block-column-is-layout-flow\" style=\"flex-basis:33.33%\">\n<p class=\"has-small-font-size wp-block-paragraph\">Eine Wissenvermittlung webt sich organisch basierend auf der direkten Erfahrung ein &#8211; <strong>Erkenntnis folgt der Praxis<\/strong>. Mit den Anleitungen und Reflektionen nach den Sequenzen wird eine differenzierte und ganzheitliche Selbsterforschung unterst\u00fctzt. Zur vertieften Forschung gibt es au\u00dferdem immer Raum f\u00fcr <strong>Austausch und Fragen<\/strong>. <\/p>\n<\/div>\n<\/div>\n<\/div>\n\n\n\n<div style=\"height:10px\" aria-hidden=\"true\" class=\"wp-block-spacer is-style-split\"><\/div>\n\n\n\n<h3 class=\"wp-block-heading has-text-align-center is-style-split has-border-color has-base-border-color has-white-background-color has-background has-medium-font-size\">Diese Bewegungsreise f\u00fchrt zur Erweckung der G\u00f6ttin, der sch\u00f6pferischen Lebenskraft, und zeigt, wie die Beziehung mit ihr nachhaltig integriert und entwickelt werden kann. <\/h3>\n\n\n\n<div style=\"height:10px\" aria-hidden=\"true\" class=\"wp-block-spacer is-style-split\"><\/div>\n\n\n\n<div class=\"wp-block-group is-style-split has-border-color has-base-border-color has-x-small-font-size has-global-padding is-layout-constrained wp-block-group-is-layout-constrained\">\n<h3 class=\"wp-block-heading has-text-align-center has-albert-sans-font-family\" style=\"font-size:clamp(1.198rem, 1.198rem + ((1vw - 0.2rem) * 1.17), 1.9rem);\">Die Erweckungsreise des Innenweltk\u00f6rpers bietet&#8230;<\/h3>\n\n\n\n<pre class=\"wp-block-verse has-text-align-center\" style=\"font-size:clamp(0.875rem, 0.875rem + ((1vw - 0.2rem) * 0.208), 1rem);\">\u2b50<br>...eine angeleitete Praxis f\u00fcr tiefgreifende, heilsame Selbstbegegnung f\u00fcr<br>energetisch-k\u00f6rperliche Lebenserkenntnis.<br><br> \u2b50<br>...einen gesch\u00fctzten Forschungsraum um leben zu lernen - <br>die Sch\u00f6pfungskraft kennenzulernen und Lebensf\u00e4higkeit aufzubauen.<\/pre>\n\n\n\n<pre class=\"wp-block-verse has-text-align-center\" style=\"font-size:clamp(0.875rem, 0.875rem + ((1vw - 0.2rem) * 0.208), 1rem);\">\u2b50<br>...eine traumaintelligente Begleitung f\u00fcr Heilungs-, Wandlungs- und Erwachensprozesse.<\/pre>\n\n\n\n<pre class=\"wp-block-verse has-text-align-center\" style=\"font-size:clamp(0.875rem, 0.875rem + ((1vw - 0.2rem) * 0.208), 1rem);\">\u2b50<br>...erm\u00e4chtigende Transformation durch inneres Wissen und Erweckung, Kl\u00e4rung <br>sowie Ausrichtung der Innenwelt bzw. Lebenskraft.<\/pre>\n\n\n\n<pre class=\"wp-block-verse has-text-align-center\" style=\"font-size:clamp(0.875rem, 0.875rem + ((1vw - 0.2rem) * 0.208), 1rem);\">\u2b50<br>...Wege in eine verk\u00f6rperte Spiritualit\u00e4t, innere Entwicklung und authentische Selbsterforschung.<\/pre>\n\n\n\n<pre class=\"wp-block-verse has-text-align-center\" style=\"font-size:clamp(0.875rem, 0.875rem + ((1vw - 0.2rem) * 0.208), 1rem);\">\u2b50<br>...Unterst\u00fctzung mit kraftvollen Einweihungen in die innere Beziehung mit dem Leben.<\/pre>\n\n\n\n<pre class=\"wp-block-verse has-text-align-center\" style=\"font-size:clamp(0.875rem, 0.875rem + ((1vw - 0.2rem) * 0.208), 1rem);\">\u2b50<br>...eine innere Perspektive um das seelische Entwicklungspotential und den ureigenen Lebensweg <br>durch begl\u00fcckende sowie schmerzhafte Lebenserfahrungen zu finden.<\/pre>\n<\/div>\n\n\n\n<div style=\"height:10px\" aria-hidden=\"true\" class=\"wp-block-spacer is-style-split\"><\/div>\n\n\n\n<div class=\"wp-block-cover is-style-split has-border-color has-base-border-color has-x-small-font-size\" style=\"min-height:137px;aspect-ratio:unset;\"><img data-recalc-dims=\"1\" loading=\"lazy\" decoding=\"async\" width=\"900\" height=\"600\" data-attachment-id=\"2315\" data-permalink=\"https:\/\/moving-with-life.org\/en\/forschungsreise-durchs-bewusstseinsfeld\/img_0501-2\/\" data-orig-file=\"https:\/\/i0.wp.com\/moving-with-life.org\/wp-content\/uploads\/2025\/12\/IMG_0501-1.jpg?fit=900%2C600&amp;ssl=1\" data-orig-size=\"900,600\" data-comments-opened=\"1\" data-image-meta=\"{&quot;aperture&quot;:&quot;5.6&quot;,&quot;credit&quot;:&quot;&quot;,&quot;camera&quot;:&quot;EOS 650D&quot;,&quot;caption&quot;:&quot;&quot;,&quot;created_timestamp&quot;:&quot;1678090869&quot;,&quot;copyright&quot;:&quot;&quot;,&quot;focal_length&quot;:&quot;30&quot;,&quot;iso&quot;:&quot;400&quot;,&quot;shutter_speed&quot;:&quot;0.01&quot;,&quot;title&quot;:&quot;&quot;,&quot;orientation&quot;:&quot;0&quot;}\" data-image-title=\"IMG_0501\" data-image-description=\"\" data-image-caption=\"\" data-large-file=\"https:\/\/i0.wp.com\/moving-with-life.org\/wp-content\/uploads\/2025\/12\/IMG_0501-1.jpg?fit=900%2C600&amp;ssl=1\" class=\"wp-block-cover__image-background wp-image-2315 size-full\" alt=\"\" src=\"https:\/\/i0.wp.com\/moving-with-life.org\/wp-content\/uploads\/2025\/12\/IMG_0501-1.jpg?resize=900%2C600&#038;ssl=1\" data-object-fit=\"cover\" srcset=\"https:\/\/i0.wp.com\/moving-with-life.org\/wp-content\/uploads\/2025\/12\/IMG_0501-1.jpg?w=900&amp;ssl=1 900w, https:\/\/i0.wp.com\/moving-with-life.org\/wp-content\/uploads\/2025\/12\/IMG_0501-1.jpg?resize=300%2C200&amp;ssl=1 300w, https:\/\/i0.wp.com\/moving-with-life.org\/wp-content\/uploads\/2025\/12\/IMG_0501-1.jpg?resize=150%2C100&amp;ssl=1 150w, https:\/\/i0.wp.com\/moving-with-life.org\/wp-content\/uploads\/2025\/12\/IMG_0501-1.jpg?resize=768%2C512&amp;ssl=1 768w, https:\/\/i0.wp.com\/moving-with-life.org\/wp-content\/uploads\/2025\/12\/IMG_0501-1.jpg?resize=18%2C12&amp;ssl=1 18w\" sizes=\"auto, (max-width: 900px) 100vw, 900px\" \/><span aria-hidden=\"true\" class=\"wp-block-cover__background has-secondary-background-color has-background-dim-40 has-background-dim\"><\/span><div class=\"wp-block-cover__inner-container is-layout-flow wp-block-cover-is-layout-flow\">\n<p class=\"has-text-align-center has-small-font-size wp-block-paragraph\"><strong>&#8222;Die K\u00f6rperarbeit war f\u00fcr mich Neuland. Sara hat mir, durch ihr gro\u00dfes Fachwissen und ihre eigene Erfahrung einen guten Einstieg erm\u00f6glicht. Ich kann Sara von ganzem Herzen weiterempfehlen. Ihre authentische, klare Art erm\u00f6glicht es, tief zu tauchen und das Selbst, hinter unseren Limitierungen zu erforschen.&#8220;<\/strong><\/p>\n\n\n\n<p class=\"has-text-align-center wp-block-paragraph\">Janina Zulk<\/p>\n<\/div><\/div>\n\n\n\n<div style=\"height:10px\" aria-hidden=\"true\" class=\"wp-block-spacer is-style-split\"><\/div>\n\n\n\n<div class=\"wp-block-group is-style-split has-border-color has-base-border-color has-x-small-font-size has-global-padding is-layout-constrained wp-block-group-is-layout-constrained\">\n<h3 class=\"wp-block-heading has-text-align-center has-albert-sans-font-family\" style=\"font-size:clamp(1.198rem, 1.198rem + ((1vw - 0.2rem) * 1.17), 1.9rem);\">Gruppensession: 79\u20ac monatlich<\/h3>\n\n\n\n<p class=\"has-text-align-center has-small-font-size wp-block-paragraph\">Inklusive: Kennenlernen \/\/ 4 Gruppensessions 75min pro Monat \/\/ online via Zoom \/\/ 30 Tage Aufnahme<\/p>\n\n\n\n<p class=\"has-text-align-center has-small-font-size wp-block-paragraph\">Tage und Zeiten variieren, bitte Anfragen.<\/p>\n\n\n\n<h3 class=\"wp-block-heading has-text-align-center has-albert-sans-font-family\" style=\"font-size:clamp(1.198rem, 1.198rem + ((1vw - 0.2rem) * 1.17), 1.9rem);\">Einzelsession: 99\u20ac<\/h3>\n\n\n\n<p class=\"has-text-align-center has-small-font-size wp-block-paragraph\">Inklusive: Kennenlernen \/\/ Einzelsession 75min \/\/ online via Zoom \/\/ Post-Checkin<\/p>\n\n\n\n<div style=\"height:5px\" aria-hidden=\"true\" class=\"wp-block-spacer\"><\/div>\n\n\n\n<p class=\"has-text-align-center has-x-small-font-size wp-block-paragraph\">Fragen zur Buchung, Bezahlung oder dem Angebot k\u00f6nnen \u00fcber das Buchungsformular gestellt werden.<\/p>\n<\/div>\n\n\n\n<div style=\"height:10px\" aria-hidden=\"true\" class=\"wp-block-spacer is-style-split\"><\/div>\n\n\n\n<div class=\"wp-block-buttons has-custom-font-size is-style-split has-border-color has-base-border-color has-x-small-font-size is-content-justification-center is-layout-flex wp-container-core-buttons-is-layout-a0cd93e3 wp-block-buttons-is-layout-flex\" style=\"border-top-left-radius:0px;border-top-right-radius:0px;border-bottom-left-radius:0px;border-bottom-right-radius:0px\">\n<div class=\"wp-block-button is-style-fill\"><a class=\"wp-block-button__link has-secondary-color has-text-color has-background has-link-color has-large-font-size has-custom-font-size wp-element-button\" href=\"https:\/\/moving-with-life.org\/en\/buchung-innenweltkoerper\/\" style=\"border-top-left-radius:44px;border-top-right-radius:44px;border-bottom-left-radius:44px;border-bottom-right-radius:44px;background-color:#fcb900b3\">jetzt Session oder kennenlernen Buchen!<\/a><\/div>\n<\/div>\n<\/div>","protected":false},"excerpt":{"rendered":"<p>Innenweltreise vom konditionierten K\u00f6rper zur seelischen Verk\u00f6rperung Sessions f\u00fcr heilsame Selbstentdeckung &#8211; in der Sie k\u00f6rperlich und traumaintelligent (Ihr) Leben kennenlernen, in tiefere Erlebensebenen f\u00fcr seelische N\u00e4hrung eintauchen und nachhaltig Lebenskraft erwecken k\u00f6nnen! Erweckungsreise des beseelten K\u00f6rpers Wir alle wollen ein Leben mit Leben &#8211; uns innerlich lebendig f\u00fchlen und uns damit durch die Welt [&hellip;]<\/p>\n","protected":false},"author":244310740,"featured_media":2004,"parent":0,"menu_order":0,"comment_status":"closed","ping_status":"closed","template":"landing-pages","meta":{"_crdt_document":"","advanced_seo_description":"","jetpack_seo_html_title":"","jetpack_seo_noindex":false,"footnotes":""},"class_list":["post-2496","page","type-page","status-publish","has-post-thumbnail","hentry"],"jetpack_likes_enabled":true,"jetpack_sharing_enabled":true,"jetpack_shortlink":"https:\/\/wp.me\/PfnWhv-Eg","jetpack-related-posts":[{"id":2495,"url":"https:\/\/moving-with-life.org\/en\/buchung-innenweltkoerper\/","url_meta":{"origin":2496,"position":0},"title":"Verkauf Innenweltk\u00f6rper","author":"Sara Gnanzou","date":"24. March 2026","format":false,"excerpt":"Innenweltreise vom konditionierten Leben zur seelischen Verk\u00f6rperung Erweckungsreise des Innenweltk\u00f6rpers Sessions f\u00fcr heilsame Selbstentdeckung - in der Sie k\u00f6rperlich und traumaintelligent (Ihr) Leben kennenlernen, in tiefere Erlebensebenen f\u00fcr seelische N\u00e4hrung eintauchen und nachhaltig Lebenskraft erwecken k\u00f6nnen! \u2b50 Buchen Sie jetzt! \u2b50 Gruppensession 79\u00a0\u20ac \u2713 kostenfreie Kennenlernsession \u2713 4 Gruppensessions online\u2026","rel":"","context":"Similar post","block_context":{"text":"Similar post","link":""},"img":{"alt_text":"","src":"https:\/\/i0.wp.com\/moving-with-life.org\/wp-content\/uploads\/2025\/11\/0650_bearbeitet-1.jpg?fit=600%2C600&ssl=1&resize=350%2C200","width":350,"height":200,"srcset":"https:\/\/i0.wp.com\/moving-with-life.org\/wp-content\/uploads\/2025\/11\/0650_bearbeitet-1.jpg?fit=600%2C600&ssl=1&resize=350%2C200 1x, https:\/\/i0.wp.com\/moving-with-life.org\/wp-content\/uploads\/2025\/11\/0650_bearbeitet-1.jpg?fit=600%2C600&ssl=1&resize=525%2C300 1.5x"},"classes":[]},{"id":402,"url":"https:\/\/moving-with-life.org\/en\/sara-gnanzou\/","url_meta":{"origin":2496,"position":1},"title":"About Sara Gnanzou","author":"Sara Gnanzou","date":"20. March 2025","format":false,"excerpt":"K\u00f6rperphilosophin, Intuitive & Br\u00fccke zwischen den Welten Ein unb\u00e4ndiger seelischer Lebensdrang gepaart mit einer Verzweiflung innerer Lebensunf\u00e4higkeit haben mich fr\u00fchzeitig zur inneren Auseinandersetzung gef\u00fchrt. Nach Reisen, einem Philosophiestudium und intensiver spirituelle Praxis erreichte ich die geglaubte L\u00f6sung: spirituelle Erwachensmomente. Mit dem beginnenden Erwachen l\u00f6ste sich mein bisheriges Leben pl\u00f6tzlich auf\u2026","rel":"","context":"Similar post","block_context":{"text":"Similar post","link":""},"img":{"alt_text":"","src":"https:\/\/i0.wp.com\/moving-with-life.org\/wp-content\/uploads\/2026\/04\/sketch-ohne-hintergrund-edited.png?resize=350%2C200&ssl=1","width":350,"height":200,"srcset":"https:\/\/i0.wp.com\/moving-with-life.org\/wp-content\/uploads\/2026\/04\/sketch-ohne-hintergrund-edited.png?resize=350%2C200&ssl=1 1x, https:\/\/i0.wp.com\/moving-with-life.org\/wp-content\/uploads\/2026\/04\/sketch-ohne-hintergrund-edited.png?resize=525%2C300&ssl=1 1.5x, https:\/\/i0.wp.com\/moving-with-life.org\/wp-content\/uploads\/2026\/04\/sketch-ohne-hintergrund-edited.png?resize=700%2C400&ssl=1 2x"},"classes":[]},{"id":1910,"url":"https:\/\/moving-with-life.org\/en\/forschungsreise-durchs-bewusstseinsfeld\/","url_meta":{"origin":2496,"position":2},"title":"Forschungsreise durch&#8217;s Bewusstseinsfeld","author":"Sara Gnanzou","date":"22. December 2025","format":false,"excerpt":"Innenweltreise von ungel\u00f6sten Lebensfragen zur Verbindung mit dem Leben Eine Session f\u00fcr heilsame Selbsterforschung - in der Sie die Zusammenh\u00e4nge Ihres Lebens verstehen, in tiefere Erlebensebenen f\u00fcr heilsame Antworten\u00a0eintauchen und kraftvolle Inspiration f\u00fcr Ihre Lebensentwicklung erleben k\u00f6nnen! Forschungsreise durch's Bewusstseinsfeld Wir alle wollen ein Leben mit Leben - innere Lebendigkeit\u2026","rel":"","context":"Similar post","block_context":{"text":"Similar post","link":""},"img":{"alt_text":"","src":"https:\/\/i0.wp.com\/moving-with-life.org\/wp-content\/uploads\/2025\/11\/0650_bearbeitet-1.jpg?fit=600%2C600&ssl=1&resize=350%2C200","width":350,"height":200,"srcset":"https:\/\/i0.wp.com\/moving-with-life.org\/wp-content\/uploads\/2025\/11\/0650_bearbeitet-1.jpg?fit=600%2C600&ssl=1&resize=350%2C200 1x, https:\/\/i0.wp.com\/moving-with-life.org\/wp-content\/uploads\/2025\/11\/0650_bearbeitet-1.jpg?fit=600%2C600&ssl=1&resize=525%2C300 1.5x"},"classes":[]},{"id":2372,"url":"https:\/\/moving-with-life.org\/en\/buchung-forschungsreise-durch-bewusstseinsfeld\/","url_meta":{"origin":2496,"position":3},"title":"Verkauf Forschungsreise Bewusstseinsfeld","author":"Sara Gnanzou","date":"3. January 2026","format":false,"excerpt":"Innenweltreise von ungel\u00f6sten Lebensfragen zur Verbindung mit dem Leben Forschungsreise durch's Bewusstseinsfeld Eine Session f\u00fcr heilsame Selbsterforschung - in der Sie die Zusammenh\u00e4nge Ihres Lebens verstehen, in tiefere Erlebensebenen f\u00fcr heilsame Antworten\u00a0eintauchen und kraftvolle Inspiration f\u00fcr Ihre Lebensentwicklung erleben k\u00f6nnen! \u2b50 Buchen Sie jetzt! \u2b50 Einzelsession 129\u00a0\u20ac \u2713 Kennenlernsession \u2713\u2026","rel":"","context":"Similar post","block_context":{"text":"Similar post","link":""},"img":{"alt_text":"","src":"https:\/\/i0.wp.com\/moving-with-life.org\/wp-content\/uploads\/2025\/11\/0650_bearbeitet-1.jpg?fit=600%2C600&ssl=1&resize=350%2C200","width":350,"height":200,"srcset":"https:\/\/i0.wp.com\/moving-with-life.org\/wp-content\/uploads\/2025\/11\/0650_bearbeitet-1.jpg?fit=600%2C600&ssl=1&resize=350%2C200 1x, https:\/\/i0.wp.com\/moving-with-life.org\/wp-content\/uploads\/2025\/11\/0650_bearbeitet-1.jpg?fit=600%2C600&ssl=1&resize=525%2C300 1.5x"},"classes":[]},{"id":333,"url":"https:\/\/moving-with-life.org\/en\/erfahrungsberichte\/","url_meta":{"origin":2496,"position":4},"title":"Erfahrungsberichte","author":"Sara Gnanzou","date":"15. January 2025","format":false,"excerpt":"Hier berichten Menschen in eigenen Worten von ihren Innenweltreisen. Weitere Testimonals gibt es auf Facebook. Die Wirkung nach der Session war sehr sch\u00f6n. Ich war tief davon ber\u00fchrt noch einmal best\u00e4tigt zu bekommen, dass die st\u00e4rkste Leuchtkraft meiner Seele meine Sanftheit\/ mein Sanftmut ist und ich mich in dieser Qualit\u00e4t\u2026","rel":"","context":"Similar post","block_context":{"text":"Similar post","link":""},"img":{"alt_text":"","src":"","width":0,"height":0},"classes":[]}],"_links":{"self":[{"href":"https:\/\/moving-with-life.org\/en\/wp-json\/wp\/v2\/pages\/2496","targetHints":{"allow":["GET"]}}],"collection":[{"href":"https:\/\/moving-with-life.org\/en\/wp-json\/wp\/v2\/pages"}],"about":[{"href":"https:\/\/moving-with-life.org\/en\/wp-json\/wp\/v2\/types\/page"}],"author":[{"embeddable":true,"href":"https:\/\/moving-with-life.org\/en\/wp-json\/wp\/v2\/users\/244310740"}],"replies":[{"embeddable":true,"href":"https:\/\/moving-with-life.org\/en\/wp-json\/wp\/v2\/comments?post=2496"}],"version-history":[{"count":14,"href":"https:\/\/moving-with-life.org\/en\/wp-json\/wp\/v2\/pages\/2496\/revisions"}],"predecessor-version":[{"id":3085,"href":"https:\/\/moving-with-life.org\/en\/wp-json\/wp\/v2\/pages\/2496\/revisions\/3085"}],"wp:featuredmedia":[{"embeddable":true,"href":"https:\/\/moving-with-life.org\/en\/wp-json\/wp\/v2\/media\/2004"}],"wp:attachment":[{"href":"https:\/\/moving-with-life.org\/en\/wp-json\/wp\/v2\/media?parent=2496"}],"curies":[{"name":"wp","href":"https:\/\/api.w.org\/{rel}","templated":true}]}}