{"id":2495,"date":"2026-03-24T14:23:36","date_gmt":"2026-03-24T13:23:36","guid":{"rendered":"https:\/\/moving-with-life.org\/?page_id=2495"},"modified":"2026-03-24T14:25:15","modified_gmt":"2026-03-24T13:25:15","slug":"buchung-innenweltkoerper","status":"publish","type":"page","link":"https:\/\/moving-with-life.org\/en\/buchung-innenweltkoerper\/","title":{"rendered":"Verkauf Innenweltk\u00f6rper"},"content":{"rendered":"<p class=\"has-text-align-center is-style-split has-border-color has-base-border-color has-white-background-color has-background has-large-font-size wp-block-paragraph\">Innenweltreise vom konditionierten Leben zur seelischen Verk\u00f6rperung<\/p>\n\n\n\n<div style=\"height:16px\" aria-hidden=\"true\" class=\"wp-block-spacer\"><\/div>\n\n\n\n<div class=\"wp-block-group alignfull is-style-section-2 has-global-padding is-content-justification-center is-layout-constrained wp-block-group-is-layout-constrained\" style=\"margin-top:0;margin-bottom:0;padding-top:var(--wp--preset--spacing--40);padding-bottom:var(--wp--preset--spacing--40)\">\n<div class=\"wp-block-columns alignwide is-layout-flex wp-container-core-columns-is-layout-aa0a2dd5 wp-block-columns-is-layout-flex\">\n<div class=\"wp-block-column is-vertically-aligned-center has-global-padding is-content-justification-left is-layout-constrained wp-container-core-column-is-layout-ec30766d wp-block-column-is-layout-constrained\">\n<h2 class=\"wp-block-heading\" style=\"font-size:clamp(1.976rem, 1.976rem + ((1vw - 0.2rem) * 2.54), 3.5rem);\">Awakening Journey of the Inner World Body<\/h2>\n\n\n\n<p class=\"wp-block-paragraph\"><em>Sessions f\u00fcr heilsame Selbstentdeckung &#8211; in der Sie k\u00f6rperlich und traumaintelligent (Ihr) Leben kennenlernen, in tiefere Erlebensebenen f\u00fcr seelische N\u00e4hrung eintauchen und nachhaltig Lebenskraft erwecken k\u00f6nnen!<\/em><\/p>\n<\/div>\n\n\n\n<div class=\"wp-block-column is-vertically-aligned-bottom is-layout-flow wp-block-column-is-layout-flow\">\n<figure class=\"wp-block-image size-full is-resized\"><img data-recalc-dims=\"1\" loading=\"lazy\" decoding=\"async\" width=\"600\" height=\"600\" data-attachment-id=\"1992\" data-permalink=\"https:\/\/moving-with-life.org\/en\/?attachment_id=1992\" data-orig-file=\"https:\/\/i0.wp.com\/moving-with-life.org\/wp-content\/uploads\/2025\/11\/0648_bearbeitet-1.jpg?fit=600%2C600&amp;ssl=1\" data-orig-size=\"600,600\" data-comments-opened=\"1\" data-image-meta=\"{&quot;aperture&quot;:&quot;0&quot;,&quot;credit&quot;:&quot;&quot;,&quot;camera&quot;:&quot;EOS 650D&quot;,&quot;caption&quot;:&quot;&quot;,&quot;created_timestamp&quot;:&quot;1678091135&quot;,&quot;copyright&quot;:&quot;&quot;,&quot;focal_length&quot;:&quot;0&quot;,&quot;iso&quot;:&quot;3200&quot;,&quot;shutter_speed&quot;:&quot;0&quot;,&quot;title&quot;:&quot;&quot;,&quot;orientation&quot;:&quot;0&quot;}\" data-image-title=\"0648_bearbeitet\" data-image-description=\"\" data-image-caption=\"\" data-large-file=\"https:\/\/i0.wp.com\/moving-with-life.org\/wp-content\/uploads\/2025\/11\/0648_bearbeitet-1.jpg?fit=600%2C600&amp;ssl=1\" src=\"https:\/\/i0.wp.com\/moving-with-life.org\/wp-content\/uploads\/2025\/11\/0648_bearbeitet-1.jpg?resize=600%2C600&#038;ssl=1\" alt=\"\" class=\"wp-image-1992\" style=\"object-fit:cover;width:302px;height:auto\"\/><\/figure>\n<\/div>\n<\/div>\n<\/div>\n\n\n\n<div style=\"height:16px\" aria-hidden=\"true\" class=\"wp-block-spacer\"><\/div>\n\n\n\n<h2 class=\"wp-block-heading has-text-align-center\">\u2b50 Buchen Sie jetzt! \u2b50 <\/h2>\n\n\n\n<div style=\"height:2px\" aria-hidden=\"true\" class=\"wp-block-spacer\"><\/div>\n\n\n\n<div class=\"wp-block-group alignfull is-style-section-3 has-global-padding is-content-justification-center is-layout-constrained wp-container-core-group-is-layout-58f8fc67 wp-block-group-is-layout-constrained\" style=\"margin-top:0;margin-bottom:0;padding-top:var(--wp--preset--spacing--40);padding-bottom:var(--wp--preset--spacing--50)\">\n<div class=\"wp-block-group alignwide has-global-padding is-layout-constrained wp-container-core-group-is-layout-e99d2241 wp-block-group-is-layout-constrained\">\n<div class=\"wp-block-group alignwide is-layout-flow wp-block-group-is-layout-flow\">\n<div class=\"wp-block-columns alignwide is-layout-flex wp-container-core-columns-is-layout-e6658f7e wp-block-columns-is-layout-flex\">\n<div class=\"wp-block-column is-style-default is-layout-flow wp-container-core-column-is-layout-ce3d0856 wp-block-column-is-layout-flow\" style=\"padding-top:var(--wp--preset--spacing--30);padding-right:var(--wp--preset--spacing--30);padding-bottom:var(--wp--preset--spacing--30);padding-left:var(--wp--preset--spacing--30)\">\n<div class=\"wp-block-group has-global-padding is-layout-constrained wp-container-core-group-is-layout-da465162 wp-block-group-is-layout-constrained\">\n<h3 class=\"wp-block-heading has-text-align-center is-pricing-tier-name\">Gruppensession<\/h3>\n\n\n\n<p class=\"has-text-align-center is-pricing-tier-price wp-block-paragraph\" style=\"font-size:clamp(2.2rem, 2.2rem + ((1vw - 0.2rem) * 3), 4rem);\">79\u00a0\u20ac<\/p>\n\n\n\n<div class=\"wp-block-group is-vertical is-content-justification-center is-nowrap is-layout-flex wp-container-core-group-is-layout-7ebc7cd3 wp-block-group-is-layout-flex\">\n<p class=\"has-text-align-center is-pricing-tier-service-checked wp-block-paragraph\">\u2713 kostenfreie Kennenlernsession<\/p>\n\n\n\n<p class=\"has-text-align-center is-pricing-tier-service-checked wp-block-paragraph\">\u2713 4 Gruppensessions online via Zoom (je 75min)<\/p>\n\n\n\n<p class=\"has-text-align-center is-pricing-tier-service-checked wp-block-paragraph\">\u2713 Bewegungsreisen mit variierenden Elementen und Themen mit Austauschraum<\/p>\n\n\n\n<p class=\"is-pricing-tier-service-checked wp-block-paragraph\">\u2713 Telegramgruppe f\u00fcr Updates<\/p>\n\n\n\n<p class=\"has-text-align-center is-pricing-tier-service-checked wp-block-paragraph\">\u2713 30 Tage Aufnahmen<\/p>\n\n\n\n<p class=\"wp-block-paragraph\"><em>Tage und Zeiten variieren &#8211; bitte anfragen!<\/em><\/p>\n<\/div>\n<\/div>\n<\/div>\n\n\n\n<div class=\"wp-block-column is-style-default is-layout-flow wp-container-core-column-is-layout-ce3d0856 wp-block-column-is-layout-flow\" style=\"padding-top:var(--wp--preset--spacing--30);padding-right:var(--wp--preset--spacing--30);padding-bottom:var(--wp--preset--spacing--30);padding-left:var(--wp--preset--spacing--30)\">\n<div class=\"wp-block-group has-global-padding is-layout-constrained wp-container-core-group-is-layout-da465162 wp-block-group-is-layout-constrained\">\n<h3 class=\"wp-block-heading has-text-align-center is-pricing-tier-name\">Einzelsession<\/h3>\n\n\n\n<p class=\"has-text-align-center is-pricing-tier-price wp-block-paragraph\" style=\"font-size:clamp(2.2rem, 2.2rem + ((1vw - 0.2rem) * 3), 4rem);\">99 \u20ac<\/p>\n\n\n\n<div class=\"wp-block-group is-vertical is-content-justification-center is-nowrap is-layout-flex wp-container-core-group-is-layout-7ebc7cd3 wp-block-group-is-layout-flex\">\n<p class=\"has-text-align-center is-pricing-tier-service-checked wp-block-paragraph\">\u2713 Einzelsession online via Zoom (75min)<\/p>\n\n\n\n<p class=\"is-pricing-tier-service-checked wp-block-paragraph\">\u2713 Forschungsmethode kennenlernen<\/p>\n\n\n\n<p class=\"has-text-align-center is-pricing-tier-service-checked wp-block-paragraph\">\u2713 Bewegungsreise mit variierenden Elementen auf das individuelle Thema abgestimmt<\/p>\n\n\n\n<p class=\"is-pricing-tier-service-checked wp-block-paragraph\">\u2713 Post-Checkin: Frage zur Session oder Integrationsprozess via Telegram oder Mail<\/p>\n<\/div>\n<\/div>\n<\/div>\n<\/div>\n<\/div>\n<\/div>\n<\/div>\n\n\n\n<div class=\"wp-block-group is-style-split has-border-color has-base-border-color has-x-small-font-size has-global-padding is-content-justification-center is-layout-constrained wp-block-group-is-layout-constrained\"><div class=\"wp-block-jetpack-contact-form is-layout-flex wp-container-jetpack-contact-form-is-layout-91bf6535 wp-block-jetpack-contact-form-is-layout-flex\"><a href=\"https:\/\/moving-with-life.org\/en\/buchung-innenweltkoerper\/\" target=\"_blank\" rel=\"noopener noreferrer\">Submit a form.<\/a><\/div><\/div>","protected":false},"excerpt":{"rendered":"<p>Innenweltreise vom konditionierten Leben zur seelischen Verk\u00f6rperung Erweckungsreise des Innenweltk\u00f6rpers Sessions f\u00fcr heilsame Selbstentdeckung &#8211; in der Sie k\u00f6rperlich und traumaintelligent (Ihr) Leben kennenlernen, in tiefere Erlebensebenen f\u00fcr seelische N\u00e4hrung eintauchen und nachhaltig Lebenskraft erwecken k\u00f6nnen! \u2b50 Buchen Sie jetzt! \u2b50 Gruppensession 79\u00a0\u20ac \u2713 kostenfreie Kennenlernsession \u2713 4 Gruppensessions online via Zoom (je 75min) \u2713 [&hellip;]<\/p>\n","protected":false},"author":244310740,"featured_media":2004,"parent":0,"menu_order":0,"comment_status":"closed","ping_status":"closed","template":"landing-pages","meta":{"_crdt_document":"","advanced_seo_description":"","jetpack_seo_html_title":"","jetpack_seo_noindex":false,"footnotes":""},"class_list":["post-2495","page","type-page","status-publish","has-post-thumbnail","hentry"],"jetpack_likes_enabled":true,"jetpack_sharing_enabled":true,"jetpack_shortlink":"https:\/\/wp.me\/PfnWhv-Ef","jetpack-related-posts":[{"id":2496,"url":"https:\/\/moving-with-life.org\/en\/erweckungsreise-des-beseelten-koerpers\/","url_meta":{"origin":2495,"position":0},"title":"Awakening Journey of the Inner World Body","author":"Sara Gnanzou","date":"31. January 2026","format":false,"excerpt":"Innenweltreise vom konditionierten K\u00f6rper zur seelischen Verk\u00f6rperung Sessions f\u00fcr heilsame Selbstentdeckung - in der Sie k\u00f6rperlich und traumaintelligent (Ihr) Leben kennenlernen, in tiefere Erlebensebenen f\u00fcr seelische N\u00e4hrung eintauchen und nachhaltig Lebenskraft erwecken k\u00f6nnen! Erweckungsreise des beseelten K\u00f6rpers Wir alle wollen ein Leben mit Leben - uns innerlich lebendig f\u00fchlen und\u2026","rel":"","context":"Similar post","block_context":{"text":"Similar post","link":""},"img":{"alt_text":"","src":"https:\/\/i0.wp.com\/moving-with-life.org\/wp-content\/uploads\/2025\/11\/0650_bearbeitet-1.jpg?fit=600%2C600&ssl=1&resize=350%2C200","width":350,"height":200,"srcset":"https:\/\/i0.wp.com\/moving-with-life.org\/wp-content\/uploads\/2025\/11\/0650_bearbeitet-1.jpg?fit=600%2C600&ssl=1&resize=350%2C200 1x, https:\/\/i0.wp.com\/moving-with-life.org\/wp-content\/uploads\/2025\/11\/0650_bearbeitet-1.jpg?fit=600%2C600&ssl=1&resize=525%2C300 1.5x"},"classes":[]},{"id":402,"url":"https:\/\/moving-with-life.org\/en\/sara-gnanzou\/","url_meta":{"origin":2495,"position":1},"title":"About Sara Gnanzou","author":"Sara Gnanzou","date":"20. March 2025","format":false,"excerpt":"K\u00f6rperphilosophin, Intuitive & Br\u00fccke zwischen den Welten Ein unb\u00e4ndiger seelischer Lebensdrang gepaart mit einer Verzweiflung innerer Lebensunf\u00e4higkeit haben mich fr\u00fchzeitig zur inneren Auseinandersetzung gef\u00fchrt. Nach Reisen, einem Philosophiestudium und intensiver spirituelle Praxis erreichte ich die geglaubte L\u00f6sung: spirituelle Erwachensmomente. Mit dem beginnenden Erwachen l\u00f6ste sich mein bisheriges Leben pl\u00f6tzlich auf\u2026","rel":"","context":"Similar post","block_context":{"text":"Similar post","link":""},"img":{"alt_text":"","src":"https:\/\/i0.wp.com\/moving-with-life.org\/wp-content\/uploads\/2026\/04\/sketch-ohne-hintergrund-edited.png?resize=350%2C200&ssl=1","width":350,"height":200,"srcset":"https:\/\/i0.wp.com\/moving-with-life.org\/wp-content\/uploads\/2026\/04\/sketch-ohne-hintergrund-edited.png?resize=350%2C200&ssl=1 1x, https:\/\/i0.wp.com\/moving-with-life.org\/wp-content\/uploads\/2026\/04\/sketch-ohne-hintergrund-edited.png?resize=525%2C300&ssl=1 1.5x, https:\/\/i0.wp.com\/moving-with-life.org\/wp-content\/uploads\/2026\/04\/sketch-ohne-hintergrund-edited.png?resize=700%2C400&ssl=1 2x"},"classes":[]},{"id":1910,"url":"https:\/\/moving-with-life.org\/en\/forschungsreise-durchs-bewusstseinsfeld\/","url_meta":{"origin":2495,"position":2},"title":"Forschungsreise durch&#8217;s Bewusstseinsfeld","author":"Sara Gnanzou","date":"22. December 2025","format":false,"excerpt":"Innenweltreise von ungel\u00f6sten Lebensfragen zur Verbindung mit dem Leben Eine Session f\u00fcr heilsame Selbsterforschung - in der Sie die Zusammenh\u00e4nge Ihres Lebens verstehen, in tiefere Erlebensebenen f\u00fcr heilsame Antworten\u00a0eintauchen und kraftvolle Inspiration f\u00fcr Ihre Lebensentwicklung erleben k\u00f6nnen! Forschungsreise durch's Bewusstseinsfeld Wir alle wollen ein Leben mit Leben - innere Lebendigkeit\u2026","rel":"","context":"Similar post","block_context":{"text":"Similar post","link":""},"img":{"alt_text":"","src":"https:\/\/i0.wp.com\/moving-with-life.org\/wp-content\/uploads\/2025\/11\/0650_bearbeitet-1.jpg?fit=600%2C600&ssl=1&resize=350%2C200","width":350,"height":200,"srcset":"https:\/\/i0.wp.com\/moving-with-life.org\/wp-content\/uploads\/2025\/11\/0650_bearbeitet-1.jpg?fit=600%2C600&ssl=1&resize=350%2C200 1x, https:\/\/i0.wp.com\/moving-with-life.org\/wp-content\/uploads\/2025\/11\/0650_bearbeitet-1.jpg?fit=600%2C600&ssl=1&resize=525%2C300 1.5x"},"classes":[]},{"id":2372,"url":"https:\/\/moving-with-life.org\/en\/buchung-forschungsreise-durch-bewusstseinsfeld\/","url_meta":{"origin":2495,"position":3},"title":"Verkauf Forschungsreise Bewusstseinsfeld","author":"Sara Gnanzou","date":"3. January 2026","format":false,"excerpt":"Innenweltreise von ungel\u00f6sten Lebensfragen zur Verbindung mit dem Leben Forschungsreise durch's Bewusstseinsfeld Eine Session f\u00fcr heilsame Selbsterforschung - in der Sie die Zusammenh\u00e4nge Ihres Lebens verstehen, in tiefere Erlebensebenen f\u00fcr heilsame Antworten\u00a0eintauchen und kraftvolle Inspiration f\u00fcr Ihre Lebensentwicklung erleben k\u00f6nnen! \u2b50 Buchen Sie jetzt! \u2b50 Einzelsession 129\u00a0\u20ac \u2713 Kennenlernsession \u2713\u2026","rel":"","context":"Similar post","block_context":{"text":"Similar post","link":""},"img":{"alt_text":"","src":"https:\/\/i0.wp.com\/moving-with-life.org\/wp-content\/uploads\/2025\/11\/0650_bearbeitet-1.jpg?fit=600%2C600&ssl=1&resize=350%2C200","width":350,"height":200,"srcset":"https:\/\/i0.wp.com\/moving-with-life.org\/wp-content\/uploads\/2025\/11\/0650_bearbeitet-1.jpg?fit=600%2C600&ssl=1&resize=350%2C200 1x, https:\/\/i0.wp.com\/moving-with-life.org\/wp-content\/uploads\/2025\/11\/0650_bearbeitet-1.jpg?fit=600%2C600&ssl=1&resize=525%2C300 1.5x"},"classes":[]},{"id":333,"url":"https:\/\/moving-with-life.org\/en\/erfahrungsberichte\/","url_meta":{"origin":2495,"position":4},"title":"Erfahrungsberichte","author":"Sara Gnanzou","date":"15. January 2025","format":false,"excerpt":"Hier berichten Menschen in eigenen Worten von ihren Innenweltreisen. Weitere Testimonals gibt es auf Facebook. Die Wirkung nach der Session war sehr sch\u00f6n. Ich war tief davon ber\u00fchrt noch einmal best\u00e4tigt zu bekommen, dass die st\u00e4rkste Leuchtkraft meiner Seele meine Sanftheit\/ mein Sanftmut ist und ich mich in dieser Qualit\u00e4t\u2026","rel":"","context":"Similar post","block_context":{"text":"Similar post","link":""},"img":{"alt_text":"","src":"","width":0,"height":0},"classes":[]}],"_links":{"self":[{"href":"https:\/\/moving-with-life.org\/en\/wp-json\/wp\/v2\/pages\/2495","targetHints":{"allow":["GET"]}}],"collection":[{"href":"https:\/\/moving-with-life.org\/en\/wp-json\/wp\/v2\/pages"}],"about":[{"href":"https:\/\/moving-with-life.org\/en\/wp-json\/wp\/v2\/types\/page"}],"author":[{"embeddable":true,"href":"https:\/\/moving-with-life.org\/en\/wp-json\/wp\/v2\/users\/244310740"}],"replies":[{"embeddable":true,"href":"https:\/\/moving-with-life.org\/en\/wp-json\/wp\/v2\/comments?post=2495"}],"version-history":[{"count":4,"href":"https:\/\/moving-with-life.org\/en\/wp-json\/wp\/v2\/pages\/2495\/revisions"}],"predecessor-version":[{"id":2929,"href":"https:\/\/moving-with-life.org\/en\/wp-json\/wp\/v2\/pages\/2495\/revisions\/2929"}],"wp:featuredmedia":[{"embeddable":true,"href":"https:\/\/moving-with-life.org\/en\/wp-json\/wp\/v2\/media\/2004"}],"wp:attachment":[{"href":"https:\/\/moving-with-life.org\/en\/wp-json\/wp\/v2\/media?parent=2495"}],"curies":[{"name":"wp","href":"https:\/\/api.w.org\/{rel}","templated":true}]}}